{"id":16,"date":"2026-02-23T14:49:41","date_gmt":"2026-02-23T14:49:41","guid":{"rendered":"https:\/\/funmusica.org\/cancionero\/?page_id=16"},"modified":"2026-03-17T20:06:15","modified_gmt":"2026-03-17T20:06:15","slug":"inicio","status":"publish","type":"page","link":"https:\/\/funmusica.org\/cancionero\/","title":{"rendered":"Inicio"},"content":{"rendered":"\t\t<div data-elementor-type=\"wp-page\" data-elementor-id=\"16\" class=\"elementor elementor-16\" data-elementor-post-type=\"page\">\n\t\t\t\t<div class=\"elementor-element elementor-element-3a57390 e-flex e-con-boxed e-con e-parent\" data-id=\"3a57390\" data-element_type=\"container\" data-e-type=\"container\">\n\t\t\t\t\t<div class=\"e-con-inner\">\n\t\t<div class=\"elementor-element elementor-element-840adda e-con-full e-flex e-con e-child\" data-id=\"840adda\" data-element_type=\"container\" data-e-type=\"container\">\n\t\t\t\t<div class=\"elementor-element elementor-element-5de2e3a elementor-pagination-position-outside elementor-widget elementor-widget-image-carousel\" data-id=\"5de2e3a\" data-element_type=\"widget\" data-e-type=\"widget\" data-settings=\"{&quot;slides_to_show&quot;:&quot;1&quot;,&quot;navigation&quot;:&quot;dots&quot;,&quot;autoplay&quot;:&quot;yes&quot;,&quot;pause_on_hover&quot;:&quot;yes&quot;,&quot;pause_on_interaction&quot;:&quot;yes&quot;,&quot;autoplay_speed&quot;:5000,&quot;infinite&quot;:&quot;yes&quot;,&quot;effect&quot;:&quot;slide&quot;,&quot;speed&quot;:500}\" data-widget_type=\"image-carousel.default\">\n\t\t\t\t\t\t\t<div class=\"elementor-image-carousel-wrapper swiper\" role=\"region\" aria-roledescription=\"carousel\" aria-label=\"Carrusel de im\u00e1genes\" dir=\"ltr\">\n\t\t\t<div class=\"elementor-image-carousel swiper-wrapper\" aria-live=\"off\">\n\t\t\t\t\t\t\t\t<div class=\"swiper-slide\" role=\"group\" aria-roledescription=\"slide\" aria-label=\"1 de 4\"><a data-elementor-open-lightbox=\"yes\" data-elementor-lightbox-slideshow=\"5de2e3a\" data-elementor-lightbox-title=\"inicio_01\" data-e-action-hash=\"#elementor-action%3Aaction%3Dlightbox%26settings%3DeyJpZCI6MTQ5LCJ1cmwiOiJodHRwczpcL1wvZnVubXVzaWNhLm9yZ1wvY2FuY2lvbmVyb1wvd3AtY29udGVudFwvdXBsb2Fkc1wvMjAyNlwvMDJcL2luaWNpb18wMS53ZWJwIiwic2xpZGVzaG93IjoiNWRlMmUzYSJ9\" href=\"https:\/\/funmusica.org\/cancionero\/wp-content\/uploads\/2026\/02\/inicio_01.webp\"><figure class=\"swiper-slide-inner\"><img decoding=\"async\" class=\"swiper-slide-image\" src=\"https:\/\/funmusica.org\/cancionero\/wp-content\/uploads\/2026\/02\/inicio_01.webp\" alt=\"inicio_01\" \/><\/figure><\/a><\/div><div class=\"swiper-slide\" role=\"group\" aria-roledescription=\"slide\" aria-label=\"2 de 4\"><a data-elementor-open-lightbox=\"yes\" data-elementor-lightbox-slideshow=\"5de2e3a\" data-elementor-lightbox-title=\"inicio_02\" data-e-action-hash=\"#elementor-action%3Aaction%3Dlightbox%26settings%3DeyJpZCI6MTUwLCJ1cmwiOiJodHRwczpcL1wvZnVubXVzaWNhLm9yZ1wvY2FuY2lvbmVyb1wvd3AtY29udGVudFwvdXBsb2Fkc1wvMjAyNlwvMDJcL2luaWNpb18wMi53ZWJwIiwic2xpZGVzaG93IjoiNWRlMmUzYSJ9\" href=\"https:\/\/funmusica.org\/cancionero\/wp-content\/uploads\/2026\/02\/inicio_02.webp\"><figure class=\"swiper-slide-inner\"><img decoding=\"async\" class=\"swiper-slide-image\" src=\"https:\/\/funmusica.org\/cancionero\/wp-content\/uploads\/2026\/02\/inicio_02.webp\" alt=\"inicio_02\" \/><\/figure><\/a><\/div><div class=\"swiper-slide\" role=\"group\" aria-roledescription=\"slide\" aria-label=\"3 de 4\"><a data-elementor-open-lightbox=\"yes\" data-elementor-lightbox-slideshow=\"5de2e3a\" data-elementor-lightbox-title=\"inicio_03\" data-e-action-hash=\"#elementor-action%3Aaction%3Dlightbox%26settings%3DeyJpZCI6MTUxLCJ1cmwiOiJodHRwczpcL1wvZnVubXVzaWNhLm9yZ1wvY2FuY2lvbmVyb1wvd3AtY29udGVudFwvdXBsb2Fkc1wvMjAyNlwvMDJcL2luaWNpb18wMy53ZWJwIiwic2xpZGVzaG93IjoiNWRlMmUzYSJ9\" href=\"https:\/\/funmusica.org\/cancionero\/wp-content\/uploads\/2026\/02\/inicio_03.webp\"><figure class=\"swiper-slide-inner\"><img decoding=\"async\" class=\"swiper-slide-image\" src=\"https:\/\/funmusica.org\/cancionero\/wp-content\/uploads\/2026\/02\/inicio_03.webp\" alt=\"inicio_03\" \/><\/figure><\/a><\/div><div class=\"swiper-slide\" role=\"group\" aria-roledescription=\"slide\" aria-label=\"4 de 4\"><a data-elementor-open-lightbox=\"yes\" data-elementor-lightbox-slideshow=\"5de2e3a\" data-elementor-lightbox-title=\"inicio_04\" data-e-action-hash=\"#elementor-action%3Aaction%3Dlightbox%26settings%3DeyJpZCI6MTUyLCJ1cmwiOiJodHRwczpcL1wvZnVubXVzaWNhLm9yZ1wvY2FuY2lvbmVyb1wvd3AtY29udGVudFwvdXBsb2Fkc1wvMjAyNlwvMDJcL2luaWNpb18wNC53ZWJwIiwic2xpZGVzaG93IjoiNWRlMmUzYSJ9\" href=\"https:\/\/funmusica.org\/cancionero\/wp-content\/uploads\/2026\/02\/inicio_04.webp\"><figure class=\"swiper-slide-inner\"><img decoding=\"async\" class=\"swiper-slide-image\" src=\"https:\/\/funmusica.org\/cancionero\/wp-content\/uploads\/2026\/02\/inicio_04.webp\" alt=\"inicio_04\" \/><\/figure><\/a><\/div>\t\t\t<\/div>\n\t\t\t\t\t\t\t\n\t\t\t\t\t\t\t\t\t<div class=\"swiper-pagination\"><\/div>\n\t\t\t\t\t\t\t\t\t<\/div>\n\t\t\t\t\t\t<\/div>\n\t\t\t\t<\/div>\n\t\t\t\t\t<\/div>\n\t\t\t\t<\/div>\n\t\t<div class=\"elementor-element elementor-element-89ab612 e-flex e-con-boxed e-con e-parent\" data-id=\"89ab612\" data-element_type=\"container\" data-e-type=\"container\">\n\t\t\t\t\t<div class=\"e-con-inner\">\n\t\t\t\t<div class=\"elementor-element elementor-element-ddb5863 elementor-widget elementor-widget-heading\" data-id=\"ddb5863\" data-element_type=\"widget\" data-e-type=\"widget\" data-widget_type=\"heading.default\">\n\t\t\t\t\t<h2 class=\"elementor-heading-title elementor-size-default\">Cancionero de la M\u00fasica Andina Colombiana<\/h2>\t\t\t\t<\/div>\n\t\t\t\t<div class=\"elementor-element elementor-element-34d8b6b elementor-widget elementor-widget-text-editor\" data-id=\"34d8b6b\" data-element_type=\"widget\" data-e-type=\"widget\" data-widget_type=\"text-editor.default\">\n\t\t\t\t\t\t\t\t\t<p>El Cancionero de M\u00fasica Andina Colombiana es la continuaci\u00f3n de un proyecto cultural que busca preservar, difundir y fomentar el aprendizaje de la m\u00fasica andina colombiana y, en general, de los contenidos musicales creados por autores y compositores de nuestro pa\u00eds.<\/p><p>Este espacio digital se propone adem\u00e1s reunir las letras de oobras in\u00e9ditas de las canciones que han participado en los diferentes concursos de m\u00fasica andina colombiana, convirti\u00e9ndose en una memoria viva de los cert\u00e1menes y en una herramienta de consulta para m\u00fasicos, investigadores y p\u00fablico en general.<\/p><p>Paralelo a las letras, el Cancionero tambi\u00e9n pondr\u00e1 a disposici\u00f3n los papeles musicales que nos sean enviados: partituras, guiones mel\u00f3dicos y otros materiales que permitan comprender y estudiar la obra en su dimensi\u00f3n t\u00e9cnica y art\u00edstica. De esta manera, el proyecto se convierte en un recurso integral para quienes desean acercarse tanto a la poes\u00eda de las letras como a la estructura musical de las composiciones.<\/p><p>Adem\u00e1s, el Cancionero incluir\u00e1 rese\u00f1as biogr\u00e1ficas de autores y compositores colombianos, con el fin de reconocer su trayectoria y aportar contexto a cada obra. As\u00ed, cada canci\u00f3n estar\u00e1 acompa\u00f1ada no solo de su letra y ritmo, sino tambi\u00e9n de la historia de quienes le dieron vida.<\/p>\t\t\t\t\t\t\t\t<\/div>\n\t\t\t\t<div class=\"elementor-element elementor-element-0a09bcb elementor-widget elementor-widget-heading\" data-id=\"0a09bcb\" data-element_type=\"widget\" data-e-type=\"widget\" data-widget_type=\"heading.default\">\n\t\t\t\t\t<h2 class=\"elementor-heading-title elementor-size-default\">Objetivos principales<\/h2>\t\t\t\t<\/div>\n\t\t\t\t<div class=\"elementor-element elementor-element-ec019ca elementor-widget elementor-widget-text-editor\" data-id=\"ec019ca\" data-element_type=\"widget\" data-e-type=\"widget\" data-widget_type=\"text-editor.default\">\n\t\t\t\t\t\t\t\t\t<p>\u2022 Promocionar las letras de las canciones in\u00e9ditas premiadas en los concursos de m\u00fasica andina colombiana.<br \/>\u2022 Difundir partituras, guiones mel\u00f3dicos y materiales complementarios.<br \/>\u2022 Reconocer la obra y la vida de autores y compositores nacionales.<br \/>\u2022 Fomentar el aprendizaje y la valoraci\u00f3n de la m\u00fasica tradicional.<br \/>\u2022 Crear un espacio de consulta y referencia para m\u00fasicos, investigadores y p\u00fablico en general.<\/p>\t\t\t\t\t\t\t\t<\/div>\n\t\t\t\t\t<\/div>\n\t\t\t\t<\/div>\n\t\t<div class=\"elementor-element elementor-element-600587c e-flex e-con-boxed e-con e-parent\" data-id=\"600587c\" data-element_type=\"container\" data-e-type=\"container\">\n\t\t\t\t\t<div class=\"e-con-inner\">\n\t\t\t\t<div class=\"elementor-element elementor-element-ea50339 elementor-widget elementor-widget-image\" data-id=\"ea50339\" data-element_type=\"widget\" data-e-type=\"widget\" data-widget_type=\"image.default\">\n\t\t\t\t\t\t\t\t\t\t\t\t\t\t\t<img fetchpriority=\"high\" decoding=\"async\" width=\"1208\" height=\"126\" src=\"https:\/\/funmusica.org\/cancionero\/wp-content\/uploads\/2026\/03\/fondo_cancionero.webp\" class=\"attachment-full size-full wp-image-399\" alt=\"\" srcset=\"https:\/\/funmusica.org\/cancionero\/wp-content\/uploads\/2026\/03\/fondo_cancionero.webp 1208w, https:\/\/funmusica.org\/cancionero\/wp-content\/uploads\/2026\/03\/fondo_cancionero-300x31.webp 300w, https:\/\/funmusica.org\/cancionero\/wp-content\/uploads\/2026\/03\/fondo_cancionero-1024x107.webp 1024w, https:\/\/funmusica.org\/cancionero\/wp-content\/uploads\/2026\/03\/fondo_cancionero-768x80.webp 768w\" sizes=\"(max-width: 1208px) 100vw, 1208px\" \/>\t\t\t\t\t\t\t\t\t\t\t\t\t\t\t<\/div>\n\t\t\t\t\t<\/div>\n\t\t\t\t<\/div>\n\t\t<div class=\"elementor-element elementor-element-ebee512 e-flex e-con-boxed e-con e-parent\" data-id=\"ebee512\" data-element_type=\"container\" data-e-type=\"container\">\n\t\t\t\t\t<div class=\"e-con-inner\">\n\t\t<div class=\"elementor-element elementor-element-72b65a8 e-con-full e-flex e-con e-child\" data-id=\"72b65a8\" data-element_type=\"container\" data-e-type=\"container\" data-settings=\"{&quot;background_background&quot;:&quot;classic&quot;}\">\n\t\t\t\t<div class=\"elementor-element elementor-element-cbde615 elementor-widget elementor-widget-heading\" data-id=\"cbde615\" data-element_type=\"widget\" data-e-type=\"widget\" data-widget_type=\"heading.default\">\n\t\t\t\t\t<h2 class=\"elementor-heading-title elementor-size-default\">Contenido <\/h2>\t\t\t\t<\/div>\n\t\t\t\t<div class=\"elementor-element elementor-element-fdcd4df elementor-grid-5 elementor-posts--align-center elementor-grid-tablet-2 elementor-grid-mobile-1 elementor-posts--thumbnail-top elementor-widget elementor-widget-posts\" data-id=\"fdcd4df\" data-element_type=\"widget\" data-e-type=\"widget\" data-settings=\"{&quot;classic_columns&quot;:&quot;5&quot;,&quot;classic_row_gap&quot;:{&quot;unit&quot;:&quot;px&quot;,&quot;size&quot;:15,&quot;sizes&quot;:[]},&quot;pagination_type&quot;:&quot;numbers&quot;,&quot;classic_columns_tablet&quot;:&quot;2&quot;,&quot;classic_columns_mobile&quot;:&quot;1&quot;,&quot;classic_row_gap_tablet&quot;:{&quot;unit&quot;:&quot;px&quot;,&quot;size&quot;:&quot;&quot;,&quot;sizes&quot;:[]},&quot;classic_row_gap_mobile&quot;:{&quot;unit&quot;:&quot;px&quot;,&quot;size&quot;:&quot;&quot;,&quot;sizes&quot;:[]}}\" data-widget_type=\"posts.classic\">\n\t\t\t\t<div class=\"elementor-widget-container\">\n\t\t\t\t\t\t\t<div class=\"elementor-posts-container elementor-posts elementor-posts--skin-classic elementor-grid\" role=\"list\">\n\t\t\t\t<article class=\"elementor-post elementor-grid-item post-347 post type-post status-publish format-standard hentry category-bambuco tag-a-flor-de-piel-bambuco tag-autor-carlos-alfonso-velasquez-garcia tag-bambuco tag-compositor-carlos-alfonso-velasquez-garcia\" role=\"listitem\">\n\t\t\t\t<div class=\"elementor-post__text\">\n\t\t\t\t<h3 class=\"elementor-post__title\">\n\t\t\t<a href=\"https:\/\/funmusica.org\/cancionero\/a-flor-de-piel-bambuco\/\" target=&quot;_blank&quot;>\n\t\t\t\tA flor de piel &#8211; Bambuco\t\t\t<\/a>\n\t\t<\/h3>\n\t\t\t\t<div class=\"elementor-post__excerpt\">\n\t\t\t<p>Bambuco<br \/> Autor: Carlos Alfonso Vel\u00e1squez Garc\u00eda<br \/> Compositor: Carlos Alfonso Vel\u00e1squez Garc\u00eda<\/p>\t\t<\/div>\n\t\t\t\t\t<div class=\"elementor-post__read-more-wrapper\">\n\t\t\n\t\t<a class=\"elementor-post__read-more\" href=\"https:\/\/funmusica.org\/cancionero\/a-flor-de-piel-bambuco\/\" aria-label=\"M\u00e1s informaci\u00f3n sobre A flor de piel &#8211; Bambuco\" tabindex=\"-1\" target=\"_blank\">\n\t\t\tLeer\u00bb\t\t<\/a>\n\n\t\t\t\t\t<\/div>\n\t\t\t\t<\/div>\n\t\t\t\t<\/article>\n\t\t\t\t<article class=\"elementor-post elementor-grid-item post-114 post type-post status-publish format-standard hentry category-bambuco tag-autor tag-camilo-arturo-garcia-bustamante tag-compositor tag-libardo-parra-toro-tartarin-moreira\" role=\"listitem\">\n\t\t\t\t<div class=\"elementor-post__text\">\n\t\t\t\t<h3 class=\"elementor-post__title\">\n\t\t\t<a href=\"https:\/\/funmusica.org\/cancionero\/alma\/\" target=&quot;_blank&quot;>\n\t\t\t\tAlma &#8211; Bambuco\t\t\t<\/a>\n\t\t<\/h3>\n\t\t\t\t<div class=\"elementor-post__excerpt\">\n\t\t\t<p>Bambuco<br \/> Autor Libardo Parra Toro (Tartar\u00edn Moreira)<br \/> Compositor Camilo Arturo Garc\u00eda Bustamante <\/p>\t\t<\/div>\n\t\t\t\t\t<div class=\"elementor-post__read-more-wrapper\">\n\t\t\n\t\t<a class=\"elementor-post__read-more\" href=\"https:\/\/funmusica.org\/cancionero\/alma\/\" aria-label=\"M\u00e1s informaci\u00f3n sobre Alma &#8211; Bambuco\" tabindex=\"-1\" target=\"_blank\">\n\t\t\tLeer\u00bb\t\t<\/a>\n\n\t\t\t\t\t<\/div>\n\t\t\t\t<\/div>\n\t\t\t\t<\/article>\n\t\t\t\t<article class=\"elementor-post elementor-grid-item post-124 post type-post status-publish format-standard hentry category-pasillo tag-autor-hector-ochoa-cardenas tag-compositor-hector-ochoa-cardenas\" role=\"listitem\">\n\t\t\t\t<div class=\"elementor-post__text\">\n\t\t\t\t<h3 class=\"elementor-post__title\">\n\t\t\t<a href=\"https:\/\/funmusica.org\/cancionero\/aprendiendo-a-vivir\/\" target=&quot;_blank&quot;>\n\t\t\t\tAprendiendo a vivir &#8211; Pasillo\t\t\t<\/a>\n\t\t<\/h3>\n\t\t\t\t<div class=\"elementor-post__excerpt\">\n\t\t\t<p>Pasillo<br \/> Autor: H\u00e9ctor Ochoa C\u00e1rdenas.<br \/> Compositor: H\u00e9ctor Ochoa C\u00e1rdenas.<\/p>\t\t<\/div>\n\t\t\t\t\t<div class=\"elementor-post__read-more-wrapper\">\n\t\t\n\t\t<a class=\"elementor-post__read-more\" href=\"https:\/\/funmusica.org\/cancionero\/aprendiendo-a-vivir\/\" aria-label=\"M\u00e1s informaci\u00f3n sobre Aprendiendo a vivir &#8211; Pasillo\" tabindex=\"-1\" target=\"_blank\">\n\t\t\tLeer\u00bb\t\t<\/a>\n\n\t\t\t\t\t<\/div>\n\t\t\t\t<\/div>\n\t\t\t\t<\/article>\n\t\t\t\t<article class=\"elementor-post elementor-grid-item post-449 post type-post status-publish format-standard hentry category-bambuco tag-autor-luis-carlos-gonzalez-2 tag-autores tag-camino-y-tarde tag-compositor-arturo-henao tag-compositores\" role=\"listitem\">\n\t\t\t\t<div class=\"elementor-post__text\">\n\t\t\t\t<h3 class=\"elementor-post__title\">\n\t\t\t<a href=\"https:\/\/funmusica.org\/cancionero\/camino-y-tarde-bambuco\/\" target=&quot;_blank&quot;>\n\t\t\t\tCamino y tarde &#8211; Bambuco\t\t\t<\/a>\n\t\t<\/h3>\n\t\t\t\t<div class=\"elementor-post__excerpt\">\n\t\t\t<p>Autor: Luis Carlos Gonz\u00e1lez<br \/> Compositor: Arturo Henao<\/p>\t\t<\/div>\n\t\t\t\t\t<div class=\"elementor-post__read-more-wrapper\">\n\t\t\n\t\t<a class=\"elementor-post__read-more\" href=\"https:\/\/funmusica.org\/cancionero\/camino-y-tarde-bambuco\/\" aria-label=\"M\u00e1s informaci\u00f3n sobre Camino y tarde &#8211; Bambuco\" tabindex=\"-1\" target=\"_blank\">\n\t\t\tLeer\u00bb\t\t<\/a>\n\n\t\t\t\t\t<\/div>\n\t\t\t\t<\/div>\n\t\t\t\t<\/article>\n\t\t\t\t<article class=\"elementor-post elementor-grid-item post-157 post type-post status-publish format-standard hentry category-pasillo tag-autor-ancizar-castrillon-santa tag-compositor-ancizar-castrillon-santa\" role=\"listitem\">\n\t\t\t\t<div class=\"elementor-post__text\">\n\t\t\t\t<h3 class=\"elementor-post__title\">\n\t\t\t<a href=\"https:\/\/funmusica.org\/cancionero\/como-si-fuera-facil\/\" target=&quot;_blank&quot;>\n\t\t\t\tComo si fuera f\u00e1cil &#8211; Pasillo\t\t\t<\/a>\n\t\t<\/h3>\n\t\t\t\t<div class=\"elementor-post__excerpt\">\n\t\t\t<p>Pasillo<br \/> Autor: Ancizar Castrill\u00f3n Santa.<br \/> Compositor: Ancizar Castrill\u00f3n Santa.<\/p>\t\t<\/div>\n\t\t\t\t\t<div class=\"elementor-post__read-more-wrapper\">\n\t\t\n\t\t<a class=\"elementor-post__read-more\" href=\"https:\/\/funmusica.org\/cancionero\/como-si-fuera-facil\/\" aria-label=\"M\u00e1s informaci\u00f3n sobre Como si fuera f\u00e1cil &#8211; Pasillo\" tabindex=\"-1\" target=\"_blank\">\n\t\t\tLeer\u00bb\t\t<\/a>\n\n\t\t\t\t\t<\/div>\n\t\t\t\t<\/div>\n\t\t\t\t<\/article>\n\t\t\t\t<article class=\"elementor-post elementor-grid-item post-133 post type-post status-publish format-standard hentry category-bambuco tag-autor-luis-enrique-aragon-farkas tag-compositor-luis-enrique-aragon-farkas\" role=\"listitem\">\n\t\t\t\t<div class=\"elementor-post__text\">\n\t\t\t\t<h3 class=\"elementor-post__title\">\n\t\t\t<a href=\"https:\/\/funmusica.org\/cancionero\/como-si-fueras-la-luna\/\" target=&quot;_blank&quot;>\n\t\t\t\tComo si fueras la luna &#8211; Bambuco\t\t\t<\/a>\n\t\t<\/h3>\n\t\t\t\t<div class=\"elementor-post__excerpt\">\n\t\t\t<p>Bambuco<br \/> Autor: Luis Enrique Arag\u00f3n Farkas<br \/> Compositor: Luis Enrique Arag\u00f3n Farkas<\/p>\t\t<\/div>\n\t\t\t\t\t<div class=\"elementor-post__read-more-wrapper\">\n\t\t\n\t\t<a class=\"elementor-post__read-more\" href=\"https:\/\/funmusica.org\/cancionero\/como-si-fueras-la-luna\/\" aria-label=\"M\u00e1s informaci\u00f3n sobre Como si fueras la luna &#8211; Bambuco\" tabindex=\"-1\" target=\"_blank\">\n\t\t\tLeer\u00bb\t\t<\/a>\n\n\t\t\t\t\t<\/div>\n\t\t\t\t<\/div>\n\t\t\t\t<\/article>\n\t\t\t\t<article class=\"elementor-post elementor-grid-item post-162 post type-post status-publish format-standard hentry category-vals tag-autor-luis-enrique-aragon-farkas tag-como-tu-dices-vals tag-compositor-luis-enrique-aragon-farkas\" role=\"listitem\">\n\t\t\t\t<div class=\"elementor-post__text\">\n\t\t\t\t<h3 class=\"elementor-post__title\">\n\t\t\t<a href=\"https:\/\/funmusica.org\/cancionero\/como-tu-dices\/\" target=&quot;_blank&quot;>\n\t\t\t\tComo tu dices &#8211; Vals\t\t\t<\/a>\n\t\t<\/h3>\n\t\t\t\t<div class=\"elementor-post__excerpt\">\n\t\t\t<p>Vals<br \/> Autor: Luis Enrique Arag\u00f3n Farkas<br \/> Compositor: Luis Enrique Arag\u00f3n Farkas<\/p>\t\t<\/div>\n\t\t\t\t\t<div class=\"elementor-post__read-more-wrapper\">\n\t\t\n\t\t<a class=\"elementor-post__read-more\" href=\"https:\/\/funmusica.org\/cancionero\/como-tu-dices\/\" aria-label=\"M\u00e1s informaci\u00f3n sobre Como tu dices &#8211; Vals\" tabindex=\"-1\" target=\"_blank\">\n\t\t\tLeer\u00bb\t\t<\/a>\n\n\t\t\t\t\t<\/div>\n\t\t\t\t<\/div>\n\t\t\t\t<\/article>\n\t\t\t\t<article class=\"elementor-post elementor-grid-item post-467 post type-post status-publish format-standard hentry category-bambuco tag-autor-guillermo-calderon-perdomo tag-autores tag-compositor-guillermo-calderon-perdomo tag-compositores tag-daniela\" role=\"listitem\">\n\t\t\t\t<div class=\"elementor-post__text\">\n\t\t\t\t<h3 class=\"elementor-post__title\">\n\t\t\t<a href=\"https:\/\/funmusica.org\/cancionero\/daniela-bambuco\/\" target=&quot;_blank&quot;>\n\t\t\t\tDaniela &#8211; Bambuco\t\t\t<\/a>\n\t\t<\/h3>\n\t\t\t\t<div class=\"elementor-post__excerpt\">\n\t\t\t<p>Autor: Guillermo Calder\u00f3n Perdomo<br \/> Compositor: Guillermo Calder\u00f3n Perdomo<\/p>\t\t<\/div>\n\t\t\t\t\t<div class=\"elementor-post__read-more-wrapper\">\n\t\t\n\t\t<a class=\"elementor-post__read-more\" href=\"https:\/\/funmusica.org\/cancionero\/daniela-bambuco\/\" aria-label=\"M\u00e1s informaci\u00f3n sobre Daniela &#8211; Bambuco\" tabindex=\"-1\" target=\"_blank\">\n\t\t\tLeer\u00bb\t\t<\/a>\n\n\t\t\t\t\t<\/div>\n\t\t\t\t<\/div>\n\t\t\t\t<\/article>\n\t\t\t\t<article class=\"elementor-post elementor-grid-item post-483 post type-post status-publish format-standard hentry category-pasillo tag-ancizar-castrillon-santa-compositor tag-autor tag-autor-ancizar-castrillon-santa tag-despues-de-tanto-amar tag-pasillo\" role=\"listitem\">\n\t\t\t\t<div class=\"elementor-post__text\">\n\t\t\t\t<h3 class=\"elementor-post__title\">\n\t\t\t<a href=\"https:\/\/funmusica.org\/cancionero\/despues-de-tanto-amar-pasillo\/\" target=&quot;_blank&quot;>\n\t\t\t\tDespu\u00e9s de tanto amar &#8211; Pasillo\t\t\t<\/a>\n\t\t<\/h3>\n\t\t\t\t<div class=\"elementor-post__excerpt\">\n\t\t\t<p>Autor Ancizar Castrill\u00f3n Santa<br \/> Compositor Ancizar Castrill\u00f3n Santa<\/p>\t\t<\/div>\n\t\t\t\t\t<div class=\"elementor-post__read-more-wrapper\">\n\t\t\n\t\t<a class=\"elementor-post__read-more\" href=\"https:\/\/funmusica.org\/cancionero\/despues-de-tanto-amar-pasillo\/\" aria-label=\"M\u00e1s informaci\u00f3n sobre Despu\u00e9s de tanto amar &#8211; Pasillo\" tabindex=\"-1\" target=\"_blank\">\n\t\t\tLeer\u00bb\t\t<\/a>\n\n\t\t\t\t\t<\/div>\n\t\t\t\t<\/div>\n\t\t\t\t<\/article>\n\t\t\t\t<article class=\"elementor-post elementor-grid-item post-493 post type-post status-publish format-standard hentry category-bambuco tag-autor tag-autor-luis-enrique-aragon-farkas tag-compositor-luis-enrique-aragon-farkas tag-compositores\" role=\"listitem\">\n\t\t\t\t<div class=\"elementor-post__text\">\n\t\t\t\t<h3 class=\"elementor-post__title\">\n\t\t\t<a href=\"https:\/\/funmusica.org\/cancionero\/el-aprendiz-de-hechicero-bambuco\/\" target=&quot;_blank&quot;>\n\t\t\t\tEl aprendiz de hechicero &#8211; Bambuco\t\t\t<\/a>\n\t\t<\/h3>\n\t\t\t\t<div class=\"elementor-post__excerpt\">\n\t\t\t<p>Autor Luis Enrique Arag\u00f3n Farkas<br \/> Compositor Luis Enrique Arag\u00f3n Farkas<\/p>\t\t<\/div>\n\t\t\t\t\t<div class=\"elementor-post__read-more-wrapper\">\n\t\t\n\t\t<a class=\"elementor-post__read-more\" href=\"https:\/\/funmusica.org\/cancionero\/el-aprendiz-de-hechicero-bambuco\/\" aria-label=\"M\u00e1s informaci\u00f3n sobre El aprendiz de hechicero &#8211; Bambuco\" tabindex=\"-1\" target=\"_blank\">\n\t\t\tLeer\u00bb\t\t<\/a>\n\n\t\t\t\t\t<\/div>\n\t\t\t\t<\/div>\n\t\t\t\t<\/article>\n\t\t\t\t<article class=\"elementor-post elementor-grid-item post-503 post type-post status-publish format-standard hentry category-bambuco tag-autor tag-autores tag-compositores tag-el-corazon-de-la-cana tag-jose-alejandro-morales-lopez\" role=\"listitem\">\n\t\t\t\t<div class=\"elementor-post__text\">\n\t\t\t\t<h3 class=\"elementor-post__title\">\n\t\t\t<a href=\"https:\/\/funmusica.org\/cancionero\/el-corazon-de-la-cana-bambuco\/\" target=&quot;_blank&quot;>\n\t\t\t\tEl coraz\u00f3n de la ca\u00f1a &#8211; Bambuco\t\t\t<\/a>\n\t\t<\/h3>\n\t\t\t\t<div class=\"elementor-post__excerpt\">\n\t\t\t<p>Autor Jos\u00e9 Alejandro Morales L\u00f3pez<br \/> Compositor Jos\u00e9 Alejandro Morales L\u00f3pez<\/p>\t\t<\/div>\n\t\t\t\t\t<div class=\"elementor-post__read-more-wrapper\">\n\t\t\n\t\t<a class=\"elementor-post__read-more\" href=\"https:\/\/funmusica.org\/cancionero\/el-corazon-de-la-cana-bambuco\/\" aria-label=\"M\u00e1s informaci\u00f3n sobre El coraz\u00f3n de la ca\u00f1a &#8211; Bambuco\" tabindex=\"-1\" target=\"_blank\">\n\t\t\tLeer\u00bb\t\t<\/a>\n\n\t\t\t\t\t<\/div>\n\t\t\t\t<\/div>\n\t\t\t\t<\/article>\n\t\t\t\t<article class=\"elementor-post elementor-grid-item post-427 post type-post status-publish format-standard hentry category-otros-ritmos tag-autor-jose-ricardo-bautista-pamplona tag-compositor-jose-ricardo-bautista-pamplona tag-compositores\" role=\"listitem\">\n\t\t\t\t<div class=\"elementor-post__text\">\n\t\t\t\t<h3 class=\"elementor-post__title\">\n\t\t\t<a href=\"https:\/\/funmusica.org\/cancionero\/en-que-momento-bolero\/\" target=&quot;_blank&quot;>\n\t\t\t\tEn qu\u00e9 Momento &#8211; Bolero\t\t\t<\/a>\n\t\t<\/h3>\n\t\t\t\t<div class=\"elementor-post__excerpt\">\n\t\t\t<p>Autor: Jos\u00e9 Ricardo Bautista Pamplona<br \/> Compositor: Jos\u00e9 Ricardo Bautista Pamplona<\/p>\t\t<\/div>\n\t\t\t\t\t<div class=\"elementor-post__read-more-wrapper\">\n\t\t\n\t\t<a class=\"elementor-post__read-more\" href=\"https:\/\/funmusica.org\/cancionero\/en-que-momento-bolero\/\" aria-label=\"M\u00e1s informaci\u00f3n sobre En qu\u00e9 Momento &#8211; Bolero\" tabindex=\"-1\" target=\"_blank\">\n\t\t\tLeer\u00bb\t\t<\/a>\n\n\t\t\t\t\t<\/div>\n\t\t\t\t<\/div>\n\t\t\t\t<\/article>\n\t\t\t\t<article class=\"elementor-post elementor-grid-item post-433 post type-post status-publish format-standard hentry category-bambuco tag-autor-eugenio-arellano tag-esta-es-mi-tierra tag-eugenio-arellano\" role=\"listitem\">\n\t\t\t\t<div class=\"elementor-post__text\">\n\t\t\t\t<h3 class=\"elementor-post__title\">\n\t\t\t<a href=\"https:\/\/funmusica.org\/cancionero\/esta-es-mi-tierra-bambuco\/\" target=&quot;_blank&quot;>\n\t\t\t\tEsta es mi tierra &#8211; Bambuco\t\t\t<\/a>\n\t\t<\/h3>\n\t\t\t\t<div class=\"elementor-post__excerpt\">\n\t\t\t<p>Autor: Eugenio Arellano Becerra<br \/> Compositor: Eugenio Arellano Becerra<\/p>\t\t<\/div>\n\t\t\t\t\t<div class=\"elementor-post__read-more-wrapper\">\n\t\t\n\t\t<a class=\"elementor-post__read-more\" href=\"https:\/\/funmusica.org\/cancionero\/esta-es-mi-tierra-bambuco\/\" aria-label=\"M\u00e1s informaci\u00f3n sobre Esta es mi tierra &#8211; Bambuco\" tabindex=\"-1\" target=\"_blank\">\n\t\t\tLeer\u00bb\t\t<\/a>\n\n\t\t\t\t\t<\/div>\n\t\t\t\t<\/div>\n\t\t\t\t<\/article>\n\t\t\t\t<article class=\"elementor-post elementor-grid-item post-473 post type-post status-publish format-standard hentry category-bambuco tag-autora-nancy-zapata-calle tag-autoras tag-compositora-nancy-zapata-calle tag-compositoras\" role=\"listitem\">\n\t\t\t\t<div class=\"elementor-post__text\">\n\t\t\t\t<h3 class=\"elementor-post__title\">\n\t\t\t<a href=\"https:\/\/funmusica.org\/cancionero\/la-tierra-es-mi-pais-bambuco\/\" target=&quot;_blank&quot;>\n\t\t\t\tLa tierra es mi pa\u00eds &#8211; Bambuco\t\t\t<\/a>\n\t\t<\/h3>\n\t\t\t\t<div class=\"elementor-post__excerpt\">\n\t\t\t<p>Autora: Nancy Zapata Calle<br \/> Compositora: Nancy Zapata Calle<\/p>\t\t<\/div>\n\t\t\t\t\t<div class=\"elementor-post__read-more-wrapper\">\n\t\t\n\t\t<a class=\"elementor-post__read-more\" href=\"https:\/\/funmusica.org\/cancionero\/la-tierra-es-mi-pais-bambuco\/\" aria-label=\"M\u00e1s informaci\u00f3n sobre La tierra es mi pa\u00eds &#8211; Bambuco\" tabindex=\"-1\" target=\"_blank\">\n\t\t\tLeer\u00bb\t\t<\/a>\n\n\t\t\t\t\t<\/div>\n\t\t\t\t<\/div>\n\t\t\t\t<\/article>\n\t\t\t\t<article class=\"elementor-post elementor-grid-item post-225 post type-post status-publish format-standard hentry category-otros-ritmos tag-autor-julio-erazo-cuevas\" role=\"listitem\">\n\t\t\t\t<div class=\"elementor-post__text\">\n\t\t\t\t<h3 class=\"elementor-post__title\">\n\t\t\t<a href=\"https:\/\/funmusica.org\/cancionero\/lejos-de-ti\/\" target=&quot;_blank&quot;>\n\t\t\t\tLejos de ti &#8211; Tango Vals\t\t\t<\/a>\n\t\t<\/h3>\n\t\t\t\t<div class=\"elementor-post__excerpt\">\n\t\t\t<p>Tango<br \/> Autor: Julio Erazo Cuevas<br \/> Compositores: Julio Erazo Cuevas &#8211; Ra\u00fal Isidro Garc\u00eda* <\/p>\t\t<\/div>\n\t\t\t\t\t<div class=\"elementor-post__read-more-wrapper\">\n\t\t\n\t\t<a class=\"elementor-post__read-more\" href=\"https:\/\/funmusica.org\/cancionero\/lejos-de-ti\/\" aria-label=\"M\u00e1s informaci\u00f3n sobre Lejos de ti &#8211; Tango Vals\" tabindex=\"-1\" target=\"_blank\">\n\t\t\tLeer\u00bb\t\t<\/a>\n\n\t\t\t\t\t<\/div>\n\t\t\t\t<\/div>\n\t\t\t\t<\/article>\n\t\t\t\t<article class=\"elementor-post elementor-grid-item post-371 post type-post status-publish format-standard hentry category-vals tag-autor-jose-ricardo-bautista-pamplona tag-autores tag-compositor-jose-ricardo-bautista-pamplona tag-compositores tag-me-he-vuelto-a-enamorar-vals tag-vals\" role=\"listitem\">\n\t\t\t\t<div class=\"elementor-post__text\">\n\t\t\t\t<h3 class=\"elementor-post__title\">\n\t\t\t<a href=\"https:\/\/funmusica.org\/cancionero\/me-he-vuelto-a-enamorar-vals\/\" target=&quot;_blank&quot;>\n\t\t\t\tMe he vuelto a enamorar \u2013 Vals\t\t\t<\/a>\n\t\t<\/h3>\n\t\t\t\t<div class=\"elementor-post__excerpt\">\n\t\t\t<p>Autor: Jos\u00e9 Ricardo Bautista Pamplona<br \/> Compositor: Jos\u00e9 Ricardo Bautista Pamplona<\/p>\t\t<\/div>\n\t\t\t\t\t<div class=\"elementor-post__read-more-wrapper\">\n\t\t\n\t\t<a class=\"elementor-post__read-more\" href=\"https:\/\/funmusica.org\/cancionero\/me-he-vuelto-a-enamorar-vals\/\" aria-label=\"M\u00e1s informaci\u00f3n sobre Me he vuelto a enamorar \u2013 Vals\" tabindex=\"-1\" target=\"_blank\">\n\t\t\tLeer\u00bb\t\t<\/a>\n\n\t\t\t\t\t<\/div>\n\t\t\t\t<\/div>\n\t\t\t\t<\/article>\n\t\t\t\t<article class=\"elementor-post elementor-grid-item post-417 post type-post status-publish format-standard hentry category-bambuco tag-autor-jose-ricardo-bautista-pamplona tag-autores tag-compositor-jose-ricardo-bautista-pamplona tag-compositores tag-por-ti-colombia\" role=\"listitem\">\n\t\t\t\t<div class=\"elementor-post__text\">\n\t\t\t\t<h3 class=\"elementor-post__title\">\n\t\t\t<a href=\"https:\/\/funmusica.org\/cancionero\/por-ti-colombia-bambuco\/\" target=&quot;_blank&quot;>\n\t\t\t\tPor ti Colombia &#8211; Bambuco\t\t\t<\/a>\n\t\t<\/h3>\n\t\t\t\t<div class=\"elementor-post__excerpt\">\n\t\t\t<p>Autor: Jos\u00e9 Ricardo Bautista Pamplona<br \/> Compositor: Jos\u00e9 Ricardo Bautista Pamplona<\/p>\t\t<\/div>\n\t\t\t\t\t<div class=\"elementor-post__read-more-wrapper\">\n\t\t\n\t\t<a class=\"elementor-post__read-more\" href=\"https:\/\/funmusica.org\/cancionero\/por-ti-colombia-bambuco\/\" aria-label=\"M\u00e1s informaci\u00f3n sobre Por ti Colombia &#8211; Bambuco\" tabindex=\"-1\" target=\"_blank\">\n\t\t\tLeer\u00bb\t\t<\/a>\n\n\t\t\t\t\t<\/div>\n\t\t\t\t<\/div>\n\t\t\t\t<\/article>\n\t\t\t\t<\/div>\n\t\t\n\t\t\t\t\t\t<\/div>\n\t\t\t\t<\/div>\n\t\t\t\t<\/div>\n\t\t\t\t\t<\/div>\n\t\t\t\t<\/div>\n\t\t<div class=\"elementor-element elementor-element-ed37c90 e-flex e-con-boxed e-con e-parent\" data-id=\"ed37c90\" data-element_type=\"container\" data-e-type=\"container\">\n\t\t\t\t\t<div class=\"e-con-inner\">\n\t\t\t\t<div class=\"elementor-element elementor-element-1fdfb98 elementor-widget elementor-widget-image\" data-id=\"1fdfb98\" data-element_type=\"widget\" data-e-type=\"widget\" data-widget_type=\"image.default\">\n\t\t\t\t\t\t\t\t\t\t\t\t\t\t\t<img fetchpriority=\"high\" decoding=\"async\" width=\"1208\" height=\"126\" src=\"https:\/\/funmusica.org\/cancionero\/wp-content\/uploads\/2026\/03\/fondo_cancionero.webp\" class=\"attachment-full size-full wp-image-399\" alt=\"\" srcset=\"https:\/\/funmusica.org\/cancionero\/wp-content\/uploads\/2026\/03\/fondo_cancionero.webp 1208w, https:\/\/funmusica.org\/cancionero\/wp-content\/uploads\/2026\/03\/fondo_cancionero-300x31.webp 300w, https:\/\/funmusica.org\/cancionero\/wp-content\/uploads\/2026\/03\/fondo_cancionero-1024x107.webp 1024w, https:\/\/funmusica.org\/cancionero\/wp-content\/uploads\/2026\/03\/fondo_cancionero-768x80.webp 768w\" sizes=\"(max-width: 1208px) 100vw, 1208px\" \/>\t\t\t\t\t\t\t\t\t\t\t\t\t\t\t<\/div>\n\t\t\t\t\t<\/div>\n\t\t\t\t<\/div>\n\t\t<div class=\"elementor-element elementor-element-a7ed615 e-flex e-con-boxed e-con e-parent\" data-id=\"a7ed615\" data-element_type=\"container\" data-e-type=\"container\">\n\t\t\t\t\t<div class=\"e-con-inner\">\n\t\t\t\t\t<\/div>\n\t\t\t\t<\/div>\n\t\t\t\t<\/div>\n\t\t","protected":false},"excerpt":{"rendered":"<p>Cancionero de la M\u00fasica Andina Colombiana El Cancionero de M\u00fasica Andina Colombiana es la continuaci\u00f3n de un proyecto cultural que busca preservar, difundir y fomentar el aprendizaje de la m\u00fasica andina colombiana y, en general, de los contenidos musicales creados por autores y compositores de nuestro pa\u00eds. Este espacio digital se propone adem\u00e1s reunir las [&hellip;]<\/p>\n","protected":false},"author":1,"featured_media":0,"parent":0,"menu_order":0,"comment_status":"closed","ping_status":"closed","template":"","meta":{"footnotes":""},"class_list":["post-16","page","type-page","status-publish","hentry"],"yoast_head":"<!-- This site is optimized with the Yoast SEO Premium plugin v26.9 (Yoast SEO v27.4) - https:\/\/yoast.com\/product\/yoast-seo-premium-wordpress\/ -->\n<title>Inicio - Cancionero<\/title>\n<meta name=\"robots\" content=\"index, follow, max-snippet:-1, max-image-preview:large, max-video-preview:-1\" \/>\n<link rel=\"canonical\" href=\"https:\/\/funmusica.org\/cancionero\/\" \/>\n<meta property=\"og:locale\" content=\"es_ES\" \/>\n<meta property=\"og:type\" content=\"article\" \/>\n<meta property=\"og:title\" content=\"Inicio\" \/>\n<meta property=\"og:description\" content=\"Cancionero de la M\u00fasica Andina Colombiana El Cancionero de M\u00fasica Andina Colombiana es la continuaci\u00f3n de un proyecto cultural que busca preservar, difundir y fomentar el aprendizaje de la m\u00fasica andina colombiana y, en general, de los contenidos musicales creados por autores y compositores de nuestro pa\u00eds. Este espacio digital se propone adem\u00e1s reunir las [&hellip;]\" \/>\n<meta property=\"og:url\" content=\"https:\/\/funmusica.org\/cancionero\/\" \/>\n<meta property=\"og:site_name\" content=\"Cancionero\" \/>\n<meta property=\"article:modified_time\" content=\"2026-03-17T20:06:15+00:00\" \/>\n<meta property=\"og:image\" content=\"https:\/\/funmusica.org\/cancionero\/wp-content\/uploads\/2026\/02\/inicio_01.webp\" \/>\n<meta name=\"twitter:card\" content=\"summary_large_image\" \/>\n<meta name=\"twitter:label1\" content=\"Tiempo de lectura\" \/>\n\t<meta name=\"twitter:data1\" content=\"1 minuto\" \/>\n<script type=\"application\/ld+json\" class=\"yoast-schema-graph\">{\"@context\":\"https:\\\/\\\/schema.org\",\"@graph\":[{\"@type\":\"WebPage\",\"@id\":\"https:\\\/\\\/funmusica.org\\\/cancionero\\\/\",\"url\":\"https:\\\/\\\/funmusica.org\\\/cancionero\\\/\",\"name\":\"Inicio - Cancionero\",\"isPartOf\":{\"@id\":\"https:\\\/\\\/funmusica.org\\\/cancionero\\\/#website\"},\"primaryImageOfPage\":{\"@id\":\"https:\\\/\\\/funmusica.org\\\/cancionero\\\/#primaryimage\"},\"image\":{\"@id\":\"https:\\\/\\\/funmusica.org\\\/cancionero\\\/#primaryimage\"},\"thumbnailUrl\":\"https:\\\/\\\/funmusica.org\\\/cancionero\\\/wp-content\\\/uploads\\\/2026\\\/02\\\/inicio_01.webp\",\"datePublished\":\"2026-02-23T14:49:41+00:00\",\"dateModified\":\"2026-03-17T20:06:15+00:00\",\"breadcrumb\":{\"@id\":\"https:\\\/\\\/funmusica.org\\\/cancionero\\\/#breadcrumb\"},\"inLanguage\":\"es\",\"potentialAction\":[{\"@type\":\"ReadAction\",\"target\":[\"https:\\\/\\\/funmusica.org\\\/cancionero\\\/\"]}]},{\"@type\":\"ImageObject\",\"inLanguage\":\"es\",\"@id\":\"https:\\\/\\\/funmusica.org\\\/cancionero\\\/#primaryimage\",\"url\":\"https:\\\/\\\/funmusica.org\\\/cancionero\\\/wp-content\\\/uploads\\\/2026\\\/02\\\/inicio_01.webp\",\"contentUrl\":\"https:\\\/\\\/funmusica.org\\\/cancionero\\\/wp-content\\\/uploads\\\/2026\\\/02\\\/inicio_01.webp\"},{\"@type\":\"BreadcrumbList\",\"@id\":\"https:\\\/\\\/funmusica.org\\\/cancionero\\\/#breadcrumb\",\"itemListElement\":[{\"@type\":\"ListItem\",\"position\":1,\"name\":\"Portada\",\"item\":\"https:\\\/\\\/funmusica.org\\\/cancionero\\\/\"},{\"@type\":\"ListItem\",\"position\":2,\"name\":\"Inicio\"}]},{\"@type\":\"WebSite\",\"@id\":\"https:\\\/\\\/funmusica.org\\\/cancionero\\\/#website\",\"url\":\"https:\\\/\\\/funmusica.org\\\/cancionero\\\/\",\"name\":\"Cancionero\",\"description\":\"Cancionero de Musica Andina Colombiana\",\"publisher\":{\"@id\":\"https:\\\/\\\/funmusica.org\\\/cancionero\\\/#organization\"},\"potentialAction\":[{\"@type\":\"SearchAction\",\"target\":{\"@type\":\"EntryPoint\",\"urlTemplate\":\"https:\\\/\\\/funmusica.org\\\/cancionero\\\/?s={search_term_string}\"},\"query-input\":{\"@type\":\"PropertyValueSpecification\",\"valueRequired\":true,\"valueName\":\"search_term_string\"}}],\"inLanguage\":\"es\"},{\"@type\":\"Organization\",\"@id\":\"https:\\\/\\\/funmusica.org\\\/cancionero\\\/#organization\",\"name\":\"Cancionero\",\"url\":\"https:\\\/\\\/funmusica.org\\\/cancionero\\\/\",\"logo\":{\"@type\":\"ImageObject\",\"inLanguage\":\"es\",\"@id\":\"https:\\\/\\\/funmusica.org\\\/cancionero\\\/#\\\/schema\\\/logo\\\/image\\\/\",\"url\":\"https:\\\/\\\/funmusica.org\\\/cancionero\\\/wp-content\\\/uploads\\\/2026\\\/02\\\/cancionero-1.webp\",\"contentUrl\":\"https:\\\/\\\/funmusica.org\\\/cancionero\\\/wp-content\\\/uploads\\\/2026\\\/02\\\/cancionero-1.webp\",\"width\":837,\"height\":366,\"caption\":\"Cancionero\"},\"image\":{\"@id\":\"https:\\\/\\\/funmusica.org\\\/cancionero\\\/#\\\/schema\\\/logo\\\/image\\\/\"}}]}<\/script>\n<!-- \/ Yoast SEO Premium plugin. -->","yoast_head_json":{"title":"Inicio - Cancionero","robots":{"index":"index","follow":"follow","max-snippet":"max-snippet:-1","max-image-preview":"max-image-preview:large","max-video-preview":"max-video-preview:-1"},"canonical":"https:\/\/funmusica.org\/cancionero\/","og_locale":"es_ES","og_type":"article","og_title":"Inicio","og_description":"Cancionero de la M\u00fasica Andina Colombiana El Cancionero de M\u00fasica Andina Colombiana es la continuaci\u00f3n de un proyecto cultural que busca preservar, difundir y fomentar el aprendizaje de la m\u00fasica andina colombiana y, en general, de los contenidos musicales creados por autores y compositores de nuestro pa\u00eds. Este espacio digital se propone adem\u00e1s reunir las [&hellip;]","og_url":"https:\/\/funmusica.org\/cancionero\/","og_site_name":"Cancionero","article_modified_time":"2026-03-17T20:06:15+00:00","og_image":[{"url":"https:\/\/funmusica.org\/cancionero\/wp-content\/uploads\/2026\/02\/inicio_01.webp","type":"","width":"","height":""}],"twitter_card":"summary_large_image","twitter_misc":{"Tiempo de lectura":"1 minuto"},"schema":{"@context":"https:\/\/schema.org","@graph":[{"@type":"WebPage","@id":"https:\/\/funmusica.org\/cancionero\/","url":"https:\/\/funmusica.org\/cancionero\/","name":"Inicio - Cancionero","isPartOf":{"@id":"https:\/\/funmusica.org\/cancionero\/#website"},"primaryImageOfPage":{"@id":"https:\/\/funmusica.org\/cancionero\/#primaryimage"},"image":{"@id":"https:\/\/funmusica.org\/cancionero\/#primaryimage"},"thumbnailUrl":"https:\/\/funmusica.org\/cancionero\/wp-content\/uploads\/2026\/02\/inicio_01.webp","datePublished":"2026-02-23T14:49:41+00:00","dateModified":"2026-03-17T20:06:15+00:00","breadcrumb":{"@id":"https:\/\/funmusica.org\/cancionero\/#breadcrumb"},"inLanguage":"es","potentialAction":[{"@type":"ReadAction","target":["https:\/\/funmusica.org\/cancionero\/"]}]},{"@type":"ImageObject","inLanguage":"es","@id":"https:\/\/funmusica.org\/cancionero\/#primaryimage","url":"https:\/\/funmusica.org\/cancionero\/wp-content\/uploads\/2026\/02\/inicio_01.webp","contentUrl":"https:\/\/funmusica.org\/cancionero\/wp-content\/uploads\/2026\/02\/inicio_01.webp"},{"@type":"BreadcrumbList","@id":"https:\/\/funmusica.org\/cancionero\/#breadcrumb","itemListElement":[{"@type":"ListItem","position":1,"name":"Portada","item":"https:\/\/funmusica.org\/cancionero\/"},{"@type":"ListItem","position":2,"name":"Inicio"}]},{"@type":"WebSite","@id":"https:\/\/funmusica.org\/cancionero\/#website","url":"https:\/\/funmusica.org\/cancionero\/","name":"Cancionero","description":"Cancionero de Musica Andina Colombiana","publisher":{"@id":"https:\/\/funmusica.org\/cancionero\/#organization"},"potentialAction":[{"@type":"SearchAction","target":{"@type":"EntryPoint","urlTemplate":"https:\/\/funmusica.org\/cancionero\/?s={search_term_string}"},"query-input":{"@type":"PropertyValueSpecification","valueRequired":true,"valueName":"search_term_string"}}],"inLanguage":"es"},{"@type":"Organization","@id":"https:\/\/funmusica.org\/cancionero\/#organization","name":"Cancionero","url":"https:\/\/funmusica.org\/cancionero\/","logo":{"@type":"ImageObject","inLanguage":"es","@id":"https:\/\/funmusica.org\/cancionero\/#\/schema\/logo\/image\/","url":"https:\/\/funmusica.org\/cancionero\/wp-content\/uploads\/2026\/02\/cancionero-1.webp","contentUrl":"https:\/\/funmusica.org\/cancionero\/wp-content\/uploads\/2026\/02\/cancionero-1.webp","width":837,"height":366,"caption":"Cancionero"},"image":{"@id":"https:\/\/funmusica.org\/cancionero\/#\/schema\/logo\/image\/"}}]}},"_links":{"self":[{"href":"https:\/\/funmusica.org\/cancionero\/wp-json\/wp\/v2\/pages\/16","targetHints":{"allow":["GET"]}}],"collection":[{"href":"https:\/\/funmusica.org\/cancionero\/wp-json\/wp\/v2\/pages"}],"about":[{"href":"https:\/\/funmusica.org\/cancionero\/wp-json\/wp\/v2\/types\/page"}],"author":[{"embeddable":true,"href":"https:\/\/funmusica.org\/cancionero\/wp-json\/wp\/v2\/users\/1"}],"replies":[{"embeddable":true,"href":"https:\/\/funmusica.org\/cancionero\/wp-json\/wp\/v2\/comments?post=16"}],"version-history":[{"count":41,"href":"https:\/\/funmusica.org\/cancionero\/wp-json\/wp\/v2\/pages\/16\/revisions"}],"predecessor-version":[{"id":412,"href":"https:\/\/funmusica.org\/cancionero\/wp-json\/wp\/v2\/pages\/16\/revisions\/412"}],"wp:attachment":[{"href":"https:\/\/funmusica.org\/cancionero\/wp-json\/wp\/v2\/media?parent=16"}],"curies":[{"name":"wp","href":"https:\/\/api.w.org\/{rel}","templated":true}]}}